{"id":1370,"date":"2024-10-19T10:41:52","date_gmt":"2024-10-19T08:41:52","guid":{"rendered":"https:\/\/www.alhelp.cz\/?page_id=1370"},"modified":"2025-05-15T16:49:11","modified_gmt":"2025-05-15T14:49:11","slug":"kresadlo-za-rok-2024","status":"publish","type":"page","link":"https:\/\/www.alhelp.cz\/?page_id=1370","title":{"rendered":"K\u0159esadlo za rok 2024"},"content":{"rendered":"\n<figure class=\"wp-block-image\"><a href=\"https:\/\/www.alhelp.cz\/wp-content\/uploads\/2022\/12\/Kresadlo-obr-2022.jpg\"><img loading=\"lazy\" decoding=\"async\" width=\"1024\" height=\"683\" src=\"https:\/\/www.alhelp.cz\/wp-content\/uploads\/2022\/12\/Kresadlo-obr-2022-1024x683.jpg\" alt=\"\" class=\"wp-image-834\" srcset=\"https:\/\/www.alhelp.cz\/wp-content\/uploads\/2022\/12\/Kresadlo-obr-2022-1024x683.jpg 1024w, https:\/\/www.alhelp.cz\/wp-content\/uploads\/2022\/12\/Kresadlo-obr-2022-300x200.jpg 300w, https:\/\/www.alhelp.cz\/wp-content\/uploads\/2022\/12\/Kresadlo-obr-2022-768x512.jpg 768w, https:\/\/www.alhelp.cz\/wp-content\/uploads\/2022\/12\/Kresadlo-obr-2022-1536x1024.jpg 1536w, https:\/\/www.alhelp.cz\/wp-content\/uploads\/2022\/12\/Kresadlo-obr-2022-2048x1365.jpg 2048w\" sizes=\"auto, (max-width: 1024px) 100vw, 1024px\" \/><\/a><\/figure>\n\n\n\n<p><strong>Cenu K\u0159esadlo za rok 2024 v b\u00fdval\u00e9m V\u00fdchodo\u010desk\u00e9m kraji z\u00edsk\u00e1vaj\u00ed:<\/strong><\/p>\n\n\n\n<p>Bc. Petra Laburdov\u00e1<\/p>\n\n\n\n<p>Marie Tom\u00e1\u0161ov\u00e1<\/p>\n\n\n\n<p>Gabriela L\u00e1nov\u00e1, BBA<\/p>\n\n\n\n<p>Monika Vrbick\u00e1<\/p>\n\n\n\n<p>Jitka Holcov\u00e1<\/p>\n\n\n\n<p><strong>Cenu Koordin\u00e1tor dobrovoln\u00edk\u016f za rok 2024 v b\u00fdval\u00e9m V\u00fdchodo\u010desk\u00e9m kraji z\u00edsk\u00e1v\u00e1:<\/strong><\/p>\n\n\n\n<p>Mgr. Blanka V\u00e1pen\u00edkov\u00e1, Fakultn\u00ed nemocnice Hradec Kr\u00e1lov\u00e9<\/p>\n\n\n\n<p><strong>Ceny byly p\u0159ed\u00e1ny na slavnostn\u00edm ceremoni\u00e1lu v Hradci Kr\u00e1lov\u00e9 dne 14.5.2025 ve foyer SP\u0160 Strojnick\u00e9<\/strong>.&nbsp;<strong>Slavnostn\u00ed ve\u010der skv\u011ble moderoval Mirek Va\u0148ura. Ceny p\u0159ed\u00e1val advok\u00e1t Mgr. Ing. Radek Sekera, LL.M, \u0159editel Eroute pan Luk\u00e1\u0161 Bene\u0161 a hejtman Kr\u00e1lov\u00e9hradeck\u00e9ho kraje pan Petr Koleta. Slavnostn\u00ed ve\u010der sv\u00fdm zp\u011bvem zpest\u0159il souborem kr\u00e1sn\u00fdch melodi\u00ed Karel Va\u0148ura.<\/strong> <strong>O ob\u010derstven\u00ed se postaral Miroslav Sou\u010dek se sv\u00fdm kolektivem z restaurace U Sokola.<\/strong> <strong>P\u0159ed\u00e1v\u00e1n\u00ed cen bylo koncipov\u00e1no v r\u00e1mci oslav 800 let m\u011bsta Hradce Kr\u00e1lov\u00e9 s podtitulem Hradec jsou Kr\u00e1lov\u00e9 a Kr\u00e1lovny.<\/strong><\/p>\n\n\n\n<figure class=\"wp-block-image size-large\"><a href=\"https:\/\/www.alhelp.cz\/wp-content\/uploads\/2025\/05\/DSC_0452-scaled.jpg\"><img loading=\"lazy\" decoding=\"async\" width=\"1024\" height=\"683\" src=\"https:\/\/www.alhelp.cz\/wp-content\/uploads\/2025\/05\/DSC_0452-1024x683.jpg\" alt=\"\" class=\"wp-image-1446\" srcset=\"https:\/\/www.alhelp.cz\/wp-content\/uploads\/2025\/05\/DSC_0452-1024x683.jpg 1024w, https:\/\/www.alhelp.cz\/wp-content\/uploads\/2025\/05\/DSC_0452-300x200.jpg 300w, https:\/\/www.alhelp.cz\/wp-content\/uploads\/2025\/05\/DSC_0452-768x512.jpg 768w, https:\/\/www.alhelp.cz\/wp-content\/uploads\/2025\/05\/DSC_0452-1536x1024.jpg 1536w, https:\/\/www.alhelp.cz\/wp-content\/uploads\/2025\/05\/DSC_0452-2048x1365.jpg 2048w\" sizes=\"auto, (max-width: 1024px) 100vw, 1024px\" \/><\/a><\/figure>\n\n\n\n<figure class=\"wp-block-image size-large\"><a href=\"https:\/\/www.alhelp.cz\/wp-content\/uploads\/2025\/05\/DSC_0367-scaled.jpg\"><img loading=\"lazy\" decoding=\"async\" width=\"1024\" height=\"683\" src=\"https:\/\/www.alhelp.cz\/wp-content\/uploads\/2025\/05\/DSC_0367-1024x683.jpg\" alt=\"\" class=\"wp-image-1448\" srcset=\"https:\/\/www.alhelp.cz\/wp-content\/uploads\/2025\/05\/DSC_0367-1024x683.jpg 1024w, https:\/\/www.alhelp.cz\/wp-content\/uploads\/2025\/05\/DSC_0367-300x200.jpg 300w, https:\/\/www.alhelp.cz\/wp-content\/uploads\/2025\/05\/DSC_0367-768x512.jpg 768w, https:\/\/www.alhelp.cz\/wp-content\/uploads\/2025\/05\/DSC_0367-1536x1024.jpg 1536w, https:\/\/www.alhelp.cz\/wp-content\/uploads\/2025\/05\/DSC_0367-2048x1365.jpg 2048w\" sizes=\"auto, (max-width: 1024px) 100vw, 1024px\" \/><\/a><\/figure>\n\n\n\n<figure class=\"wp-block-image size-large\"><a href=\"https:\/\/www.alhelp.cz\/wp-content\/uploads\/2025\/05\/DSC_0343-scaled.jpg\"><img loading=\"lazy\" decoding=\"async\" width=\"1024\" height=\"683\" src=\"https:\/\/www.alhelp.cz\/wp-content\/uploads\/2025\/05\/DSC_0343-1024x683.jpg\" alt=\"\" class=\"wp-image-1449\" srcset=\"https:\/\/www.alhelp.cz\/wp-content\/uploads\/2025\/05\/DSC_0343-1024x683.jpg 1024w, https:\/\/www.alhelp.cz\/wp-content\/uploads\/2025\/05\/DSC_0343-300x200.jpg 300w, https:\/\/www.alhelp.cz\/wp-content\/uploads\/2025\/05\/DSC_0343-768x512.jpg 768w, https:\/\/www.alhelp.cz\/wp-content\/uploads\/2025\/05\/DSC_0343-1536x1024.jpg 1536w, https:\/\/www.alhelp.cz\/wp-content\/uploads\/2025\/05\/DSC_0343-2048x1365.jpg 2048w\" sizes=\"auto, (max-width: 1024px) 100vw, 1024px\" \/><\/a><\/figure>\n\n\n\n<figure class=\"wp-block-image size-large\"><a href=\"https:\/\/www.alhelp.cz\/wp-content\/uploads\/2025\/05\/DSC_0270-scaled.jpg\"><img loading=\"lazy\" decoding=\"async\" width=\"1024\" height=\"683\" src=\"https:\/\/www.alhelp.cz\/wp-content\/uploads\/2025\/05\/DSC_0270-1024x683.jpg\" alt=\"\" class=\"wp-image-1450\" srcset=\"https:\/\/www.alhelp.cz\/wp-content\/uploads\/2025\/05\/DSC_0270-1024x683.jpg 1024w, https:\/\/www.alhelp.cz\/wp-content\/uploads\/2025\/05\/DSC_0270-300x200.jpg 300w, https:\/\/www.alhelp.cz\/wp-content\/uploads\/2025\/05\/DSC_0270-768x512.jpg 768w, https:\/\/www.alhelp.cz\/wp-content\/uploads\/2025\/05\/DSC_0270-1536x1024.jpg 1536w, https:\/\/www.alhelp.cz\/wp-content\/uploads\/2025\/05\/DSC_0270-2048x1365.jpg 2048w\" sizes=\"auto, (max-width: 1024px) 100vw, 1024px\" \/><\/a><\/figure>\n\n\n\n<p><strong><em>CENA ZA DOBROVOLNICKOU \u010cINNOST<\/em><\/strong><\/p>\n\n\n\n<p>KDO M\u016e\u017dE CENU Z\u00cdSKAT: \u2022 ob\u010dan, kter\u00fd vykon\u00e1v\u00e1 dobrovolnickou \u010dinnost v regionu b\u00fdval\u00e9ho V\u00fdchodo\u010desk\u00e9ho kraje, tedy dobrovoln\u00edk, kter\u00fd pom\u00e1h\u00e1 neziskov\u00e9 organizaci, nebo nez\u00e1visle na organizaci pom\u00e1h\u00e1 komunit\u011b, obci, nebo jednotlivci.<\/p>\n\n\n\n<p><br>KDO NAVRHUJE KANDID\u00c1TY CENY: Navrhovatelem m\u016f\u017ee b\u00fdt pr\u00e1vnick\u00e1 osoba, obvykle neziskov\u00e1 organizace, nebo ob\u010dan. \u010cast\u00fdm navrhovatelem jsou nemocnice, poskytovatel\u00e9 soci\u00e1ln\u00edch slu\u017eeb, charita, ochr\u00e1nci \u017eivotn\u00edho prost\u0159ed\u00ed, slo\u017eky integrovan\u00e9ho z\u00e1chrann\u00e9ho syst\u00e9mu.<\/p>\n\n\n\n<p>Podm\u00ednkou ud\u011blen\u00ed ceny je souhlas kandid\u00e1ta ceny K\u0159esadlo se zve\u0159ejn\u011bn\u00edm jeho jm\u00e9na a d\u016fvodu, ud\u011blen\u00ed ceny, v\u010detn\u011b jeho podepsan\u00e9ho prohl\u00e1\u0161en\u00ed: \u201eSouhlas\u00edm s nominac\u00ed a \u010destn\u011b prohla\u0161uji, \u017ee \u00fadaje uveden\u00e9 v nominaci jsou pravdiv\u00e9 a ve\u0161ker\u00e9 aktivity kon\u00e1m v souladu s pr\u00e1vn\u00edmi p\u0159edpisy (spr\u00e1vn\u00edm \u0159\u00e1dem) a legislativou.\u201c V p\u0159\u00edpad\u011b jeho nesouhlasu s publicitou, \u010di z jin\u00fdch d\u016fvod\u016f, dostane cenu dal\u0161\u00ed kandid\u00e1t v po\u0159ad\u00ed.<\/p>\n\n\n<div class=\"wp-block-image\">\n<figure class=\"aligncenter size-full is-resized\"><a href=\"https:\/\/www.alhelp.cz\/wp-content\/uploads\/2025\/04\/Drzime-palce-palec_nahoru.png\"><img loading=\"lazy\" decoding=\"async\" width=\"500\" height=\"500\" src=\"https:\/\/www.alhelp.cz\/wp-content\/uploads\/2025\/04\/Drzime-palce-palec_nahoru.png\" alt=\"\" class=\"wp-image-1428\" style=\"width:140px;height:auto\" srcset=\"https:\/\/www.alhelp.cz\/wp-content\/uploads\/2025\/04\/Drzime-palce-palec_nahoru.png 500w, https:\/\/www.alhelp.cz\/wp-content\/uploads\/2025\/04\/Drzime-palce-palec_nahoru-300x300.png 300w, https:\/\/www.alhelp.cz\/wp-content\/uploads\/2025\/04\/Drzime-palce-palec_nahoru-150x150.png 150w\" sizes=\"auto, (max-width: 500px) 100vw, 500px\" \/><\/a><\/figure>\n<\/div>\n\n\n<p><strong>NOMINOVAN\u00cd FINALIST\u00c9 ZA ROK 2024<\/strong>&nbsp;(kte\u0159\u00ed splnili v\u0161echna pot\u0159ebn\u00e1 krit\u00e9ria ceny K\u0159esadlo a postoupili do z\u00e1v\u011bre\u010dn\u00e9ho kola hodnocen\u00ed). Podpo\u0159it je m\u016f\u017eete sv\u00fdm hlasem na t\u011bchto str\u00e1nk\u00e1ch do&nbsp;<strong>25.4.2025, 20:00 hod<\/strong>. Z finalist\u016f bude v z\u00e1v\u011bre\u010dn\u00e9m kole vybr\u00e1no&nbsp;<strong>5 dobrovoln\u00edk\u016f<\/strong>, kte\u0159\u00ed obdr\u017e\u00ed cenu K\u0159esadlo za rok 2024.&nbsp;<em>Upozor\u0148ujeme, \u017ee internetov\u00e9 hlasov\u00e1n\u00ed je pouze jedn\u00edm z krit\u00e9ri\u00ed hodnocen\u00ed, v\u00fdsledek hlasov\u00e1n\u00ed tak nemus\u00ed odpov\u00eddat z\u00e1v\u011bre\u010dn\u00e9mu v\u00fdb\u011bru ocen\u011bn\u00fdch.<\/em><\/p>\n\n\n\n<p><strong>Alena Cmero, 1970<\/strong><\/p>\n\n\n\n<p>Pan\u00ed Alena se zapojuje ji\u017e 5. rokem do pomoci d\u011btem. Intenzivn\u011b podporuje d\u011bti v D\u011btsk\u00e9m centru Vesk\u00e1 a v roce 2024 si ochotn\u011b vzala nav\u00edc pomoc hol\u010di\u010dce Terezce, \u017eij\u00edc\u00ed v rodin\u011b, kdy n\u00e1s o pomoc po\u017e\u00e1dala d\u011btsk\u00e1 psycholo\u017eka klientky. Klientka je velice n\u00e1ro\u010dn\u00e1, jedn\u00e1 se o hol\u010di\u010dku s autismem, cel\u00e1 rodina je p\u00e9\u010d\u00ed o n\u00ed velice zat\u00ed\u017een\u00e1. Pan\u00ed Alena jednou t\u00fddn\u011b vyzved\u00e1v\u00e1 T. ze \u0161koly, odleh\u010duje mamince, ob\u011btav\u011b se j\u00ed v\u011bnuje cel\u00e9 odpoledne, trp\u011bliv\u011b s n\u00ed tr\u00e1v\u00ed \u010das a prov\u00e1z\u00ed rodinu v nelehk\u00fdch situac\u00edch.<\/p>\n\n\n\n<p><strong>Jitka Holcov\u00e1, 1957<\/strong><\/p>\n\n\n\n<p>Je \u201edramaturgyn\u00ed&#8220; kulturn\u00edho a jin\u00e9ho vy\u017eit\u00ed klient\u016f. My dobrovoln\u00edci pak klienty na akce doprov\u00e1z\u00edme. Na\u0161e operativn\u00ed spolupr\u00e1ce trv\u00e1 ji\u017e 17 let a je velmi d\u016fle\u017eit\u00e1. Po sv\u00e9 pracovn\u00ed dob\u011b nastoup\u00ed jako dobrovolnice a je jednou z n\u00e1s. Bez n\u00ed by na\u0161e \u010dinnost v DSJ \u017dire\u010d vypadala \u00fapln\u011b jinak, ke \u0161kod\u011b klient\u016f, pokud by v\u016fbec tak dlouho je\u0161t\u011b trvala. Ona \u0159\u00edk\u00e1 &#8211; \u201ev\u017edy\u0165 d\u011bl\u00e1m jenom svoji pr\u00e1ci.&#8220; My z KA ale v\u00edme, \u017ee zp\u016fsob, jak\u00fdm d\u011bl\u00e1 svoji pr\u00e1ci ona, je v\u00fdjime\u010dn\u00fd a nen\u00ed v\u017edy a v\u0161ude standardem.<strong><\/strong><\/p>\n\n\n\n<p><strong>Bc. Petra Laburdov\u00e1, 1979<\/strong><\/p>\n\n\n\n<p>Pan\u00ed Petra je na\u0161e dobr\u00e1 du\u0161e, kter\u00e1 doch\u00e1z\u00ed za pacienty Hematologick\u00e9 kliniky FN HK. Do nemocnice p\u0159ich\u00e1z\u00ed skoro ka\u017ed\u00fd v\u00edkend a d\u011bl\u00e1 pacient\u016fm spole\u010dnost. Je velmi srde\u010dn\u00e1, ob\u011btav\u00e1, empatick\u00e1 a m\u00e1 velk\u00e9 pochopen\u00ed pro nemocn\u00e9. Proto\u017ee l\u00e9\u010dba hematologick\u00fdch pacient\u016fm je \u010dasto opakuj\u00edc\u00ed se, v\u011bt\u0161ina pacient\u016f pan\u00ed Petru ji\u017e dob\u0159e zn\u00e1 a v\u0161ichni jsou v\u017edy r\u00e1di za jej\u00ed milou spole\u010dnost a pov\u00edd\u00e1n\u00ed.<strong><\/strong><\/p>\n\n\n\n<p><strong>Gabriela L\u00e1nov\u00e1, BBA, 1971<\/strong><\/p>\n\n\n\n<p>Pan\u00ed Gabriela L\u00e1nov\u00e1 dlouhodob\u011b p\u016fsob\u00ed jako dobrovoln\u00edk v&nbsp;neziskov\u00fdch organizac\u00edch. V\u011bnuje se t\u011blesn\u011b hendikepovan\u00fdm. Pro n\u011bkter\u00e9 pacienty se stala nepostradatelnou pomocnic\u00ed, kter\u00e1 um\u00ed poradit, ale tak\u00e9 pohladit a v\u0159el\u00fdm slovem pot\u011b\u0161it. Je to takov\u00e9 slun\u00ed\u010dko v koloto\u010di starost\u00ed a smutku hendikepovan\u00fdch. V\u011bnuje se domov\u016fm s pe\u010dovatelskou slu\u017ebou a jejich klient\u016fm.<strong><\/strong><\/p>\n\n\n\n<p><strong>Bc. Nat\u00e1lie Tkadlecov\u00e1, 2000<\/strong><\/p>\n\n\n\n<p>Nat\u00e1lie je velmi spolehliv\u00e1, empatick\u00e1 a ob\u011btav\u00e1 dobrovolnice, kter\u00e1 se u n\u00e1s v\u011bnuje volno\u010dasov\u00fdm dobrovolnick\u00fdm aktivit\u00e1m ji\u017e t\u0159et\u00edm rokem. V r\u00e1mci programu DOBROteam se zapojuje do aktivit Noemi i Kamar\u00e1d. V&nbsp;r\u00e1mci aktivity Noemi nav\u0161t\u011bvuje d\u011bti v D\u011btsk\u00e9m centru Vesk\u00e1; v r\u00e1mci aktivity Kamar\u00e1d tr\u00e1v\u00ed \u010das s osam\u011ble \u017eij\u00edc\u00edmi seniory a klienty se zdravotn\u00edmi omezen\u00edmi. V\u0161echny klienty podporuje svou p\u0159\u00edtomnost\u00ed, rozv\u00edj\u00ed je po psychick\u00e9 i fyzick\u00e9 str\u00e1nce (doprovody na proch\u00e1zky, deskov\u00e9 hry, \u010detba).<\/p>\n\n\n\n<p><strong>Marie Tom\u00e1\u0161ov\u00e1, 1971<\/strong><\/p>\n\n\n\n<p>Pan\u00ed Marie se u n\u00e1s v\u011bnuje dobrovolnick\u00fdm aktivit\u00e1m u senior\u016f a zdravotn\u011b znev\u00fdhodn\u011bn\u00fdch klient\u016f. Ji\u017e mnoho let nav\u0161t\u011bvuje psychicky nemocnou klientku, sna\u017e\u00ed se j\u00ed vyt\u00e1hnout ven, pov\u00edd\u00e1 si s n\u00ed, zaji\u0161\u0165uje j\u00ed soci\u00e1ln\u00ed kontakt. Klientka je velmi n\u00e1ro\u010dn\u00e1, nebo\u0165 se u n\u00ed velmi \u010dasto m\u011bn\u00ed n\u00e1lada, m\u00e1 obdob\u00ed, kdy n\u00e1v\u0161t\u011bvy odm\u00edt\u00e1. V takov\u00fdch situac\u00edch pan\u00ed Marie aktivn\u011b vyhled\u00e1v\u00e1 pomoc u jin\u00fdch klient\u016f, zejm\u00e9na senior\u016f, tr\u00e1v\u00ed s nimi voln\u00fd \u010das a trp\u011bliv\u011b se vrac\u00ed ke klientce Monice dle jej\u00edch pot\u0159eb.<\/p>\n\n\n\n<p><strong>Monika Vrbick\u00e1, 1962<\/strong><\/p>\n\n\n\n<p>Laskav\u00e1, skromn\u00e1 hodn\u00e1, p\u0159\u00e1telsk\u00e1, ochotn\u00e1 a moc mil\u00e1. To je na\u0161e Monika. V\u00fd\u010det jejich dobrovolnick\u00fdch aktivit je dlouh\u00fd. N\u011bkolik let dou\u010duje d\u011bti v Z\u0160 Josefa Go\u010d\u00e1ra, pravideln\u011b se \u00fa\u010dastn\u00ed se spole\u010dn\u00fdch pl\u00e1novan\u00fdch dobrovolnick\u00fdch akc\u00ed nap\u0159\u00ed\u010d v\u0161emi soci\u00e1ln\u00edmi slu\u017ebami Oblastn\u00ed charity Hradec Kr\u00e1lov\u00e9, je nepostradatelnou &#8222;hodnou tetou&#8220; p\u0159i akc\u00edch ran\u00e9 p\u00e9\u010de Slun\u00ed\u010dko s rodinami s d\u011btmi s posti\u017een\u00edm, pe\u010de buchty pro lidi bez domova. Je velk\u00e9 \u0161t\u011bst\u00ed m\u00edt ji v t\u00fdmu dobrovoln\u00edk\u016f. Monika je \u00fa\u017easn\u00e1.<strong><\/strong><\/p>\n\n\n\n<p>&#8212;&#8212;&#8212;&#8212;&#8212;&#8212;&#8212;&#8212;&#8212;&#8212;&#8212;&#8212;&#8212;&#8212;&#8212;&#8212;&#8212;&#8212;&#8212;&#8212;&#8212;&#8212;&#8212;&#8212;&#8212;&#8212;&#8212;&#8212;&#8212;-<\/p>\n\n\n\n<p><strong>NOMINACE<\/strong><\/p>\n\n\n\n<p><strong>Nominovat sv\u00e9 kandid\u00e1ty na cenu K\u0159esadlo za rok 2024 za region b\u00fdval\u00e9ho V\u00fdchodo\u010desk\u00e9ho kraje m\u016f\u017eete prost\u0159ednictv\u00edm n\u00ed\u017ee zve\u0159ejn\u011bn\u00e9ho odkazu a QR k\u00f3du na formul\u00e1\u0159 Survio, nebo sta\u017een\u00edm, vypln\u011bn\u00edm a zasl\u00e1n\u00edm formul\u00e1\u0159e na email do&nbsp;31.3.2025.<\/strong><\/p>\n\n\n\n<p><a href=\"https:\/\/www.survio.com\/survey\/d\/K6O9J1D3C5P2M9P2P\">https:\/\/www.survio.com\/survey\/d\/K6O9J1D3C5P2M9P2P<\/a><\/p>\n\n\n\n<figure class=\"wp-block-image size-full is-resized\"><a href=\"https:\/\/www.alhelp.cz\/wp-content\/uploads\/2024\/10\/qrcode-2.jpeg\"><img loading=\"lazy\" decoding=\"async\" width=\"750\" height=\"750\" src=\"https:\/\/www.alhelp.cz\/wp-content\/uploads\/2024\/10\/qrcode-2.jpeg\" alt=\"\" class=\"wp-image-1372\" style=\"width:457px;height:auto\" srcset=\"https:\/\/www.alhelp.cz\/wp-content\/uploads\/2024\/10\/qrcode-2.jpeg 750w, https:\/\/www.alhelp.cz\/wp-content\/uploads\/2024\/10\/qrcode-2-300x300.jpeg 300w, https:\/\/www.alhelp.cz\/wp-content\/uploads\/2024\/10\/qrcode-2-150x150.jpeg 150w\" sizes=\"auto, (max-width: 750px) 100vw, 750px\" \/><\/a><\/figure>\n\n\n\n<div data-wp-interactive=\"core\/file\" class=\"wp-block-file\"><object data-wp-bind--hidden=\"!state.hasPdfPreview\" hidden class=\"wp-block-file__embed\" data=\"https:\/\/www.alhelp.cz\/wp-content\/uploads\/2024\/10\/Formular-nominace-na-cenu-Kresadlo-za-rok-2024.pdf\" type=\"application\/pdf\" style=\"width:100%;height:600px\" aria-label=\"Vlo\u017eit z Formul\u00e1\u0159 nominace na cenu K\u0159esadlo za rok 2024.\"><\/object><a id=\"wp-block-file--media-78682f3e-9e96-441a-ab56-5cd0fb0f1a04\" href=\"https:\/\/www.alhelp.cz\/wp-content\/uploads\/2024\/10\/Formular-nominace-na-cenu-Kresadlo-za-rok-2024.pdf\">Formul\u00e1\u0159 nominace na cenu K\u0159esadlo za rok 2024<\/a><a href=\"https:\/\/www.alhelp.cz\/wp-content\/uploads\/2024\/10\/Formular-nominace-na-cenu-Kresadlo-za-rok-2024.pdf\" class=\"wp-block-file__button wp-element-button\" download aria-describedby=\"wp-block-file--media-78682f3e-9e96-441a-ab56-5cd0fb0f1a04\">St\u00e1hnout<\/a><\/div>\n\n\n\n<p><\/p>\n\n\n\n<p><strong>AKTUALITY<\/strong><\/p>\n\n\n\n<p><\/p>\n\n\n\n<p>Moder\u00e1torem slavnostn\u00edho p\u0159ed\u00e1v\u00e1n\u00ed cen 14. kv\u011btna 2025 bude op\u011bt moder\u00e1tor Miroslav Va\u0148ura z \u010cesk\u00e9ho rozhlasu Dvojka a \u010cesk\u00e9 televize, autor po\u0159adu Krimin\u00e1lka. (17.10.2024)<\/p>\n\n\n\n<p>Catering na slavnostn\u00edm ceremoni\u00e1lu zajist\u00ed restaurace U SOKOLA pod veden\u00edm pana Miroslava Sou\u010dka. (17.10.2024).<\/p>\n\n\n\n<p>Slavnost\u00ed p\u0159ed\u00e1v\u00e1n\u00ed cen se uskute\u010dn\u00ed ve foyer SP\u0160 Strojnick\u00e9, Hradeck\u00e1 647, 500 03 Hradec Kr\u00e1lov\u00e9, dne 14. kv\u011btna od 17:00 hodin. (19.12.2024)<\/p>\n\n\n\n<p>Ceny bude p\u0159ed\u00e1vat Mgr. Ing. Radek Sekera, LL.M., kter\u00fd v minulosti cenu K\u0159esadlo obdr\u017eel. (15.3.2025)<\/p>\n\n\n\n<p>Slavnostn\u00ed ve\u010der doprovod\u00ed muzik\u00e1lov\u00fdmi melodiemi v\u00edt\u011bz celorepublikov\u00e9 sout\u011b\u017ee MenArt Karel Va\u0148ura, kter\u00e9mu se da\u0159ilo v muzik\u00e1lu Dracula a jeho\u017e pedago\u017ekou je zn\u00e1m\u00e1 muzik\u00e1lov\u00e1 zp\u011bva\u010dka Radka Fi\u0161arov\u00e1. (15.4.2025)<\/p>\n\n\n\n<p><strong>Partne\u0159i ceny K\u0159esadlo za rok 2024:<\/strong><\/p>\n\n\n\n<figure class=\"wp-block-image size-large is-resized\"><a href=\"https:\/\/www.csfd.cz\/tvurce\/52367-mirek-vanura\/prehled\/\"><img loading=\"lazy\" decoding=\"async\" width=\"1024\" height=\"683\" src=\"https:\/\/www.alhelp.cz\/wp-content\/uploads\/2024\/10\/Mirek-Vanura-kriminalka-1024x683.jpg\" alt=\"\" class=\"wp-image-1378\" style=\"width:253px;height:auto\" srcset=\"https:\/\/www.alhelp.cz\/wp-content\/uploads\/2024\/10\/Mirek-Vanura-kriminalka-1024x683.jpg 1024w, https:\/\/www.alhelp.cz\/wp-content\/uploads\/2024\/10\/Mirek-Vanura-kriminalka-300x200.jpg 300w, https:\/\/www.alhelp.cz\/wp-content\/uploads\/2024\/10\/Mirek-Vanura-kriminalka-768x512.jpg 768w, https:\/\/www.alhelp.cz\/wp-content\/uploads\/2024\/10\/Mirek-Vanura-kriminalka-1536x1024.jpg 1536w, https:\/\/www.alhelp.cz\/wp-content\/uploads\/2024\/10\/Mirek-Vanura-kriminalka-2048x1365.jpg 2048w\" sizes=\"auto, (max-width: 1024px) 100vw, 1024px\" \/><\/a><\/figure>\n\n\n\n<figure class=\"wp-block-image is-resized\"><a href=\"https:\/\/www.eroute.cz\/\"><img loading=\"lazy\" decoding=\"async\" width=\"520\" height=\"175\" src=\"https:\/\/www.alhelp.cz\/wp-content\/uploads\/2023\/04\/EROUTE-logo-1.png\" alt=\"\" class=\"wp-image-913\" style=\"width:253px;height:auto\" srcset=\"https:\/\/www.alhelp.cz\/wp-content\/uploads\/2023\/04\/EROUTE-logo-1.png 520w, https:\/\/www.alhelp.cz\/wp-content\/uploads\/2023\/04\/EROUTE-logo-1-300x101.png 300w\" sizes=\"auto, (max-width: 520px) 100vw, 520px\" \/><\/a><\/figure>\n\n\n\n<figure class=\"wp-block-image\"><a href=\"https:\/\/masojicin.cz\/\"><img decoding=\"async\" src=\"https:\/\/www.alhelp.cz\/wp-content\/uploads\/2020\/04\/Maso-Ji%C4%8D%C3%ADn-logo_maso_main2.png\" alt=\"\" class=\"wp-image-527\"\/><\/a><\/figure>\n\n\n\n<figure class=\"wp-block-image is-resized\"><a href=\"https:\/\/hest.cz\/\"><img loading=\"lazy\" decoding=\"async\" width=\"1024\" height=\"421\" src=\"https:\/\/www.alhelp.cz\/wp-content\/uploads\/2021\/10\/Hestia-logo-2021-1024x421.jpg\" alt=\"\" class=\"wp-image-766\" style=\"width:353px;height:auto\" srcset=\"https:\/\/www.alhelp.cz\/wp-content\/uploads\/2021\/10\/Hestia-logo-2021-1024x421.jpg 1024w, https:\/\/www.alhelp.cz\/wp-content\/uploads\/2021\/10\/Hestia-logo-2021-300x123.jpg 300w, https:\/\/www.alhelp.cz\/wp-content\/uploads\/2021\/10\/Hestia-logo-2021-768x315.jpg 768w, https:\/\/www.alhelp.cz\/wp-content\/uploads\/2021\/10\/Hestia-logo-2021-1536x631.jpg 1536w, https:\/\/www.alhelp.cz\/wp-content\/uploads\/2021\/10\/Hestia-logo-2021.jpg 1546w\" sizes=\"auto, (max-width: 1024px) 100vw, 1024px\" \/><\/a><\/figure>\n\n\n\n<figure class=\"wp-block-image is-resized\"><a href=\"https:\/\/www.alhelp.cz\/wp-content\/uploads\/2024\/05\/Cvrcek-piskovani-skla-logo.png\"><img loading=\"lazy\" decoding=\"async\" width=\"642\" height=\"231\" src=\"https:\/\/www.alhelp.cz\/wp-content\/uploads\/2024\/05\/Cvrcek-piskovani-skla-logo.png\" alt=\"\" class=\"wp-image-1320\" style=\"width:325px;height:auto\" srcset=\"https:\/\/www.alhelp.cz\/wp-content\/uploads\/2024\/05\/Cvrcek-piskovani-skla-logo.png 642w, https:\/\/www.alhelp.cz\/wp-content\/uploads\/2024\/05\/Cvrcek-piskovani-skla-logo-300x108.png 300w\" sizes=\"auto, (max-width: 642px) 100vw, 642px\" \/><\/a><\/figure>\n\n\n\n<figure class=\"wp-block-image is-resized\"><a href=\"https:\/\/www.alhelp.cz\/wp-content\/uploads\/2024\/05\/Logo-Rozhlas-Hradec-Kralove.png\"><img loading=\"lazy\" decoding=\"async\" width=\"454\" height=\"84\" src=\"https:\/\/www.alhelp.cz\/wp-content\/uploads\/2024\/05\/Logo-Rozhlas-Hradec-Kralove.png\" alt=\"\" class=\"wp-image-1321\" style=\"width:324px;height:auto\" srcset=\"https:\/\/www.alhelp.cz\/wp-content\/uploads\/2024\/05\/Logo-Rozhlas-Hradec-Kralove.png 454w, https:\/\/www.alhelp.cz\/wp-content\/uploads\/2024\/05\/Logo-Rozhlas-Hradec-Kralove-300x56.png 300w\" sizes=\"auto, (max-width: 454px) 100vw, 454px\" \/><\/a><\/figure>\n\n\n\n<figure class=\"wp-block-image is-resized\"><a href=\"https:\/\/u-sokola.cz\/\"><img loading=\"lazy\" decoding=\"async\" width=\"364\" height=\"262\" src=\"https:\/\/www.alhelp.cz\/wp-content\/uploads\/2023\/11\/U-Sokola-Soucek-logo.png\" alt=\"\" class=\"wp-image-1142\" style=\"width:296px;height:auto\" srcset=\"https:\/\/www.alhelp.cz\/wp-content\/uploads\/2023\/11\/U-Sokola-Soucek-logo.png 364w, https:\/\/www.alhelp.cz\/wp-content\/uploads\/2023\/11\/U-Sokola-Soucek-logo-300x216.png 300w\" sizes=\"auto, (max-width: 364px) 100vw, 364px\" \/><\/a><\/figure>\n\n\n\n<figure class=\"wp-block-image is-resized\"><a href=\"https:\/\/www.protetickypacient.cz\/\"><img loading=\"lazy\" decoding=\"async\" width=\"978\" height=\"955\" src=\"https:\/\/www.alhelp.cz\/wp-content\/uploads\/2023\/12\/image-4.jpeg\" alt=\"Tento obr\u00e1zek nem\u00e1 vypln\u011bn\u00fd atribut alt; n\u00e1zev souboru je Logo-asociace-protetickych-pacientu.jpg.\" class=\"wp-image-1153\" style=\"width:140px;height:auto\" srcset=\"https:\/\/www.alhelp.cz\/wp-content\/uploads\/2023\/12\/image-4.jpeg 978w, https:\/\/www.alhelp.cz\/wp-content\/uploads\/2023\/12\/image-4-300x293.jpeg 300w, https:\/\/www.alhelp.cz\/wp-content\/uploads\/2023\/12\/image-4-768x750.jpeg 768w\" sizes=\"auto, (max-width: 978px) 100vw, 978px\" \/><\/a><\/figure>\n\n\n\n<figure class=\"wp-block-image size-large is-resized\"><a href=\"https:\/\/www.hradeckralove.org\/\"><img loading=\"lazy\" decoding=\"async\" width=\"1024\" height=\"661\" src=\"https:\/\/www.alhelp.cz\/wp-content\/uploads\/2025\/04\/obrazky_BC-HK-1024x661.png\" alt=\"\" class=\"wp-image-1436\" style=\"width:325px;height:auto\" srcset=\"https:\/\/www.alhelp.cz\/wp-content\/uploads\/2025\/04\/obrazky_BC-HK-1024x661.png 1024w, https:\/\/www.alhelp.cz\/wp-content\/uploads\/2025\/04\/obrazky_BC-HK-300x194.png 300w, https:\/\/www.alhelp.cz\/wp-content\/uploads\/2025\/04\/obrazky_BC-HK-768x496.png 768w, https:\/\/www.alhelp.cz\/wp-content\/uploads\/2025\/04\/obrazky_BC-HK-1536x991.png 1536w, https:\/\/www.alhelp.cz\/wp-content\/uploads\/2025\/04\/obrazky_BC-HK-2048x1322.png 2048w\" sizes=\"auto, (max-width: 1024px) 100vw, 1024px\" \/><\/a><\/figure>\n\n\n\n<figure class=\"wp-block-image is-resized\"><img loading=\"lazy\" decoding=\"async\" width=\"1024\" height=\"724\" src=\"https:\/\/www.alhelp.cz\/wp-content\/uploads\/2023\/12\/image-5.jpeg\" alt=\"Tento obr\u00e1zek nem\u00e1 vypln\u011bn\u00fd atribut alt; n\u00e1zev souboru je Logo-SaP-1024x724.jpg.\" class=\"wp-image-1159\" style=\"width:286px;height:auto\" srcset=\"https:\/\/www.alhelp.cz\/wp-content\/uploads\/2023\/12\/image-5.jpeg 1024w, https:\/\/www.alhelp.cz\/wp-content\/uploads\/2023\/12\/image-5-300x212.jpeg 300w, https:\/\/www.alhelp.cz\/wp-content\/uploads\/2023\/12\/image-5-768x543.jpeg 768w\" sizes=\"auto, (max-width: 1024px) 100vw, 1024px\" \/><\/figure>\n\n\n\n<figure class=\"wp-block-image is-resized\"><a href=\"https:\/\/www.penam.cz\/\"><img loading=\"lazy\" decoding=\"async\" width=\"718\" height=\"334\" src=\"https:\/\/www.alhelp.cz\/wp-content\/uploads\/2023\/12\/Penam-logo.jpg\" alt=\"\" class=\"wp-image-1160\" style=\"width:301px;height:auto\" srcset=\"https:\/\/www.alhelp.cz\/wp-content\/uploads\/2023\/12\/Penam-logo.jpg 718w, https:\/\/www.alhelp.cz\/wp-content\/uploads\/2023\/12\/Penam-logo-300x140.jpg 300w\" sizes=\"auto, (max-width: 718px) 100vw, 718px\" \/><\/a><\/figure>\n\n\n\n<figure class=\"wp-block-image\"><a href=\"https:\/\/www.expresmenu.com\/\"><img loading=\"lazy\" decoding=\"async\" width=\"241\" height=\"105\" src=\"https:\/\/www.alhelp.cz\/wp-content\/uploads\/2023\/12\/Expres-menu-logo.png\" alt=\"\" class=\"wp-image-1177\"\/><\/a><\/figure>\n\n\n\n<figure class=\"wp-block-image is-resized\"><a href=\"https:\/\/www.alhelp.cz\/wp-content\/uploads\/2024\/04\/Logo_nadace-Agrofert_samolepka-2.jpg\"><img loading=\"lazy\" decoding=\"async\" width=\"1024\" height=\"318\" src=\"https:\/\/www.alhelp.cz\/wp-content\/uploads\/2024\/04\/Logo_nadace-Agrofert_samolepka-2-1024x318.jpg\" alt=\"\" class=\"wp-image-1283\" style=\"width:283px;height:auto\" srcset=\"https:\/\/www.alhelp.cz\/wp-content\/uploads\/2024\/04\/Logo_nadace-Agrofert_samolepka-2-1024x318.jpg 1024w, https:\/\/www.alhelp.cz\/wp-content\/uploads\/2024\/04\/Logo_nadace-Agrofert_samolepka-2-300x93.jpg 300w, https:\/\/www.alhelp.cz\/wp-content\/uploads\/2024\/04\/Logo_nadace-Agrofert_samolepka-2-768x238.jpg 768w, https:\/\/www.alhelp.cz\/wp-content\/uploads\/2024\/04\/Logo_nadace-Agrofert_samolepka-2.jpg 1037w\" sizes=\"auto, (max-width: 1024px) 100vw, 1024px\" \/><\/a><\/figure>\n\n\n\n<figure class=\"wp-block-image size-full is-resized\"><a href=\"https:\/\/www.alhelp.cz\/wp-content\/uploads\/2025\/01\/SPS-Hradebni-logo_HK_2022_rgb1.png\"><img loading=\"lazy\" decoding=\"async\" width=\"559\" height=\"200\" src=\"https:\/\/www.alhelp.cz\/wp-content\/uploads\/2025\/01\/SPS-Hradebni-logo_HK_2022_rgb1.png\" alt=\"\" class=\"wp-image-1402\" style=\"width:280px;height:auto\" srcset=\"https:\/\/www.alhelp.cz\/wp-content\/uploads\/2025\/01\/SPS-Hradebni-logo_HK_2022_rgb1.png 559w, https:\/\/www.alhelp.cz\/wp-content\/uploads\/2025\/01\/SPS-Hradebni-logo_HK_2022_rgb1-300x107.png 300w\" sizes=\"auto, (max-width: 559px) 100vw, 559px\" \/><\/a><\/figure>\n\n\n\n<figure class=\"wp-block-image size-large is-resized\"><a href=\"https:\/\/sklepskalak.cz\/\"><img loading=\"lazy\" decoding=\"async\" width=\"1024\" height=\"656\" src=\"https:\/\/www.alhelp.cz\/wp-content\/uploads\/2025\/01\/Vinarstvi-Skalak-logo-1024x656.png\" alt=\"\" class=\"wp-image-1414\" style=\"width:289px;height:auto\" srcset=\"https:\/\/www.alhelp.cz\/wp-content\/uploads\/2025\/01\/Vinarstvi-Skalak-logo-1024x656.png 1024w, https:\/\/www.alhelp.cz\/wp-content\/uploads\/2025\/01\/Vinarstvi-Skalak-logo-300x192.png 300w, https:\/\/www.alhelp.cz\/wp-content\/uploads\/2025\/01\/Vinarstvi-Skalak-logo-768x492.png 768w, https:\/\/www.alhelp.cz\/wp-content\/uploads\/2025\/01\/Vinarstvi-Skalak-logo.png 1060w\" sizes=\"auto, (max-width: 1024px) 100vw, 1024px\" \/><\/a><\/figure>\n\n\n\n<figure class=\"wp-block-image size-large is-resized\"><a href=\"https:\/\/www.hc-institute.org\/cz\/\"><img loading=\"lazy\" decoding=\"async\" width=\"1024\" height=\"206\" src=\"https:\/\/www.alhelp.cz\/wp-content\/uploads\/2025\/03\/HCI-logo-20-let-1024x206.png\" alt=\"\" class=\"wp-image-1422\" style=\"width:268px;height:auto\" srcset=\"https:\/\/www.alhelp.cz\/wp-content\/uploads\/2025\/03\/HCI-logo-20-let-1024x206.png 1024w, https:\/\/www.alhelp.cz\/wp-content\/uploads\/2025\/03\/HCI-logo-20-let-300x60.png 300w, https:\/\/www.alhelp.cz\/wp-content\/uploads\/2025\/03\/HCI-logo-20-let-768x154.png 768w, https:\/\/www.alhelp.cz\/wp-content\/uploads\/2025\/03\/HCI-logo-20-let.png 1250w\" sizes=\"auto, (max-width: 1024px) 100vw, 1024px\" \/><\/a><\/figure>\n\n\n\n<figure class=\"wp-block-image size-full is-resized\"><a href=\"https:\/\/www.lideazdroje.cz\/\"><img loading=\"lazy\" decoding=\"async\" width=\"240\" height=\"40\" src=\"https:\/\/www.alhelp.cz\/wp-content\/uploads\/2025\/04\/Lide-a-zdroje-logo-2025-LaZ-logo-web.png\" alt=\"\" class=\"wp-image-1432\" style=\"width:258px;height:auto\"\/><\/a><\/figure>\n\n\n\n<figure class=\"wp-block-image size-full is-resized\"><a href=\"https:\/\/www.alhelp.cz\/wp-content\/uploads\/2025\/05\/DK-plus-logo.png\"><img loading=\"lazy\" decoding=\"async\" width=\"300\" height=\"60\" src=\"https:\/\/www.alhelp.cz\/wp-content\/uploads\/2025\/05\/DK-plus-logo.png\" alt=\"\" class=\"wp-image-1441\" style=\"width:265px;height:auto\"\/><\/a><\/figure>\n\n\n\n<p><\/p>\n","protected":false},"excerpt":{"rendered":"<p>Cenu K\u0159esadlo za rok 2024 v b\u00fdval\u00e9m V\u00fdchodo\u010desk\u00e9m kraji z\u00edsk\u00e1vaj\u00ed: Bc. Petra Laburdov\u00e1 Marie Tom\u00e1\u0161ov\u00e1 Gabriela L\u00e1nov\u00e1, BBA Monika Vrbick\u00e1 Jitka Holcov\u00e1 Cenu Koordin\u00e1tor dobrovoln\u00edk\u016f za rok 2024 v b\u00fdval\u00e9m V\u00fdchodo\u010desk\u00e9m kraji z\u00edsk\u00e1v\u00e1: Mgr. Blanka V\u00e1pen\u00edkov\u00e1, Fakultn\u00ed nemocnice Hradec Kr\u00e1lov\u00e9 Ceny byly p\u0159ed\u00e1ny na slavnostn\u00edm ceremoni\u00e1lu v Hradci Kr\u00e1lov\u00e9 dne 14.5.2025 ve foyer SP\u0160 Strojnick\u00e9.&nbsp;Slavnostn\u00ed &hellip; <a href=\"https:\/\/www.alhelp.cz\/?page_id=1370\" class=\"more-link\">Pokra\u010dov\u00e1n\u00ed textu <span class=\"screen-reader-text\">K\u0159esadlo za rok 2024<\/span> <span class=\"meta-nav\">&rarr;<\/span><\/a><\/p>\n","protected":false},"author":1,"featured_media":0,"parent":289,"menu_order":0,"comment_status":"closed","ping_status":"closed","template":"","meta":{"footnotes":""},"class_list":["post-1370","page","type-page","status-publish","hentry"],"_links":{"self":[{"href":"https:\/\/www.alhelp.cz\/index.php?rest_route=\/wp\/v2\/pages\/1370","targetHints":{"allow":["GET"]}}],"collection":[{"href":"https:\/\/www.alhelp.cz\/index.php?rest_route=\/wp\/v2\/pages"}],"about":[{"href":"https:\/\/www.alhelp.cz\/index.php?rest_route=\/wp\/v2\/types\/page"}],"author":[{"embeddable":true,"href":"https:\/\/www.alhelp.cz\/index.php?rest_route=\/wp\/v2\/users\/1"}],"replies":[{"embeddable":true,"href":"https:\/\/www.alhelp.cz\/index.php?rest_route=%2Fwp%2Fv2%2Fcomments&post=1370"}],"version-history":[{"count":18,"href":"https:\/\/www.alhelp.cz\/index.php?rest_route=\/wp\/v2\/pages\/1370\/revisions"}],"predecessor-version":[{"id":1451,"href":"https:\/\/www.alhelp.cz\/index.php?rest_route=\/wp\/v2\/pages\/1370\/revisions\/1451"}],"up":[{"embeddable":true,"href":"https:\/\/www.alhelp.cz\/index.php?rest_route=\/wp\/v2\/pages\/289"}],"wp:attachment":[{"href":"https:\/\/www.alhelp.cz\/index.php?rest_route=%2Fwp%2Fv2%2Fmedia&parent=1370"}],"curies":[{"name":"wp","href":"https:\/\/api.w.org\/{rel}","templated":true}]}}